{"id":16428,"date":"2022-01-21T00:55:25","date_gmt":"2022-01-21T00:55:25","guid":{"rendered":"https:\/\/cultiuslesfontanes.com\/aviso-legal\/"},"modified":"2022-01-22T09:42:51","modified_gmt":"2022-01-22T09:42:51","slug":"frances-aviso-legal","status":"publish","type":"page","link":"https:\/\/cultiuslesfontanes.com\/fr\/frances-aviso-legal\/","title":{"rendered":"Avis juridique"},"content":{"rendered":"<p>[et_pb_section fb_built=\u00a0\u00bb1&Prime; _builder_version=\u00a0\u00bb4.14.2&Prime; _module_preset=\u00a0\u00bbdefault\u00a0\u00bb global_colors_info=\u00a0\u00bb{}\u00a0\u00bb][et_pb_row _builder_version=\u00a0\u00bb4.14.2&Prime; _module_preset=\u00a0\u00bbdefault\u00a0\u00bb global_colors_info=\u00a0\u00bb{}\u00a0\u00bb][et_pb_column type=\u00a0\u00bb4_4&Prime; _builder_version=\u00a0\u00bb4.14.2&Prime; _module_preset=\u00a0\u00bbdefault\u00a0\u00bb global_colors_info=\u00a0\u00bb{}\u00a0\u00bb][et_pb_text _builder_version=\u00a0\u00bb4.14.4&Prime; _module_preset=\u00a0\u00bbdefault\u00a0\u00bb hover_enabled=\u00a0\u00bb0&Prime; global_colors_info=\u00a0\u00bb{}\u00a0\u00bb sticky_enabled=\u00a0\u00bb0&Prime;]<\/p>\n<div class=\"elementor-element elementor-element-b250903 elementor-widget elementor-widget-text-editor\" data-id=\"b250903\" data-element_type=\"widget\" data-widget_type=\"text-editor.default\">\n<div class=\"elementor-widget-container\">\n<div class=\"elementor-element elementor-element-b250903 elementor-widget elementor-widget-text-editor\" data-id=\"b250903\" data-element_type=\"widget\" data-widget_type=\"text-editor.default\">\n<div class=\"elementor-widget-container\">\n<h5>AVIS JURIDIQUE<\/h5>\n<\/div>\n<\/div>\n<div class=\"elementor-element elementor-element-af2e227 elementor-widget elementor-widget-menu-anchor\" data-id=\"af2e227\" data-element_type=\"widget\" data-widget_type=\"menu-anchor.default\">\n<div class=\"elementor-widget-container\">\n<div id=\"Datosdelaempresa\" class=\"elementor-menu-anchor\"><\/div>\n<\/div>\n<\/div>\n<div class=\"elementor-element elementor-element-830a3f5 elementor-widget elementor-widget-text-editor\" data-id=\"830a3f5\" data-element_type=\"widget\" data-widget_type=\"text-editor.default\">\n<div class=\"elementor-widget-container\">\n<h6>1. D\u00e9tails de l\u2019entreprise<\/h6>\n<p>www.cultiuslesfontanes.com (le site Web) est un produit de CULTIUS LES FONTANES, S.L. Conform\u00e9ment \u00e0 l\u2019article 10 de la loi 34\/2002 du 11 juillet sur les services de la soci\u00e9t\u00e9 de l\u2019information et du commerce \u00e9lectronique (LSSI), les donn\u00e9es d\u2019identification du responsable de ce site Web sont indiqu\u00e9es ci-dessous:<\/p>\n<p>Nom du site : www.cultiuslesfontanescom<\/p>\n<p><span>NIF : B43249846<\/span><\/p>\n<p>Si\u00e8ge social \/ Adresse : C \/ Nou, 16<\/p>\n<p>Courriel de contact : info@cultiuslesfontanes.com<\/p>\n<p>Num\u00e9ro de t\u00e9l\u00e9phone : 977629029<\/p>\n<p>Donn\u00e9es d\u2019inscription au Registre du Commerce : Tarragone. Soci\u00e9t\u00e9 inscrite au Registre du Commerce de Tarragone au tome 1187, folio 120, page T-276<\/p>\n<\/div>\n<\/div>\n<div class=\"elementor-element elementor-element-89639ac elementor-widget elementor-widget-menu-anchor\" data-id=\"89639ac\" data-element_type=\"widget\" data-widget_type=\"menu-anchor.default\">\n<div class=\"elementor-widget-container\">\n<div id=\"Objeto\" class=\"elementor-menu-anchor\"><\/div>\n<\/div>\n<\/div>\n<div class=\"elementor-element elementor-element-393e3cb elementor-widget elementor-widget-text-editor\" data-id=\"393e3cb\" data-element_type=\"widget\" data-widget_type=\"text-editor.default\">\n<div class=\"elementor-widget-container\">\n<h6>2. Objectif<\/h6>\n<p>Le but de cet avis juridique est d\u2019\u00e9tablir les conditions g\u00e9n\u00e9rales qui r\u00e9gissent l\u2019acc\u00e8s et l\u2019utilisation g\u00e9n\u00e9rale de ce site Web par tous les utilisateurs, de sorte que l\u2019acc\u00e8s et l\u2019utilisation de celui-ci impliquent n\u00e9cessairement la soumission et l\u2019acceptation des conditions g\u00e9n\u00e9rales incluses dans le pr\u00e9sent avis juridique.<\/p>\n<p><span>Pour cette raison, CULTIUS LES FONTANES S.L. recommande \u00e0 l\u2019utilisateur de les lire attentivement chaque fois qu\u2019il souhaite acc\u00e9der et utiliser le site Web susmentionn\u00e9, car ils peuvent subir des modifications. En ce sens, CULTIUS LES FONTANES, SL se r\u00e9serve le droit d\u2019apporter, \u00e0 tout moment et sans pr\u00e9avis, toute modification ou mise \u00e0 jour des contenus et services, des pr\u00e9sentes conditions g\u00e9n\u00e9rales d\u2019acc\u00e8s et d\u2019utilisation et, en g\u00e9n\u00e9ral, du nombre d\u2019\u00e9l\u00e9ments qui composent la conception et la configuration de ce site Web<\/span><span>.<\/span><\/p>\n<\/div>\n<\/div>\n<div class=\"elementor-element elementor-element-037e6b2 elementor-widget elementor-widget-menu-anchor\" data-id=\"037e6b2\" data-element_type=\"widget\" data-widget_type=\"menu-anchor.default\">\n<div class=\"elementor-widget-container\">\n<div id=\"Uso\" class=\"elementor-menu-anchor\"><\/div>\n<\/div>\n<\/div>\n<div class=\"elementor-element elementor-element-65443ae elementor-widget elementor-widget-text-editor\" data-id=\"65443ae\" data-element_type=\"widget\" data-widget_type=\"text-editor.default\">\n<div class=\"elementor-widget-container\">\n<h6>3. Utilisez<\/h6>\n<p>Dans le cas o\u00f9 l\u2019utilisateur proc\u00e8de \u00e0 l\u2019inscription pour la souscription ou l\u2019acquisition d\u2019un service offert sur ce site Web, l\u2019utilisateur sera responsable de fournir des informations v\u00e9ridiques et licites. Si \u00e0 la suite de l\u2019inscription, l\u2019utilisateur re\u00e7oit un mot de passe, il s\u2019engage \u00e0 en faire un usage diligent et \u00e0 garder secret le mot de passe pour acc\u00e9der \u00e0 ces services. Par cons\u00e9quent, les utilisateurs sont responsables de la garde et de la confidentialit\u00e9 ad\u00e9quates de tous les identifiants et \/ ou mots de passe qui, le cas \u00e9ch\u00e9ant, sont fournis par CULTIUS LES FONTANES, S.L et s\u2019engagent \u00e0 ne pas c\u00e9der leur utilisation \u00e0 des tiers, que ce soit temporairement.\u00a0<span>ou permanent, ou pour permettre l\u2019acc\u00e8s \u00e0 des personnes ext\u00e9rieures. L\u2019utilisateur sera responsable de l\u2019utilisation ill\u00e9gale des services par tout tiers ill\u00e9gitime qui utilise un mot de passe \u00e0 cette fin en raison d\u2019une utilisation imprudente ou de la perte de celui-ci par l\u2019utilisateur. En vertu de ce qui pr\u00e9c\u00e8de, il incombe \u00e0 l\u2019utilisateur d\u2019informer imm\u00e9diatement l\u2019adresse de contact de CULTIUS LES FONTANES, S.L de tout fait permettant l\u2019utilisation abusive d\u2019identifiants et \/ ou de mots de passe,\u00a0<\/span><span>tels que le vol, la perte ou l\u2019acc\u00e8s non autoris\u00e9 \u00e0 ceux-ci, afin de proc\u00e9der \u00e0 leur annulation imm\u00e9diate. Jusqu\u2019\u00e0 ce que de tels \u00e9v\u00e9nements soient communiqu\u00e9s, CULTIUS LES FONTANES, S.L. sera exon\u00e9r\u00e9 de toute responsabilit\u00e9 pouvant d\u00e9couler de l\u2019utilisation abusive d\u2019identifiants ou de mots de passe par des tiers non autoris\u00e9s.<\/span><\/p>\n<p><span>L\u2019utilisation de ce site Web par toute personne attribue la condition d\u2019utilisateur de celui-ci, qui accepte que l\u2019utilisation susmentionn\u00e9e soit sous sa seule responsabilit\u00e9, pour laquelle l\u2019utilisateur s\u2019engage \u00e0 respecter scrupuleusement et fid\u00e8lement toutes les instructions suppl\u00e9mentaires donn\u00e9es par CULTIUS LES FONTANES SL ou par le personnel autoris\u00e9 de CULTIUS LES FONTANES, S.L. concernant l\u2019utilisation de ce site Web et de son contenu.<\/span><\/p>\n<p><span>L\u2019utilisateur s\u2019engage \u00e0 ne pas utiliser les informations, activit\u00e9s, produits ou services que CULTIUS LES FONTANES, SL met \u00e0 disposition pour mener \u00e0 bien des activit\u00e9s contraires \u00e0 la loi, aux bonnes m\u0153urs ou \u00e0 l\u2019ordre public et, en g\u00e9n\u00e9ral, \u00e0 utiliser conform\u00e9ment aux pr\u00e9sentes conditions g\u00e9n\u00e9rales. Par cons\u00e9quent, l\u2019utilisateur s\u2019engage \u00e0 utiliser le contenu de mani\u00e8re diligente, correcte et licite et, en particulier, s\u2019engage \u00e0 s\u2019abstenir de<\/span><span>:<\/span><\/p>\n<ul>\n<li><span>Utiliser le contenu \u00e0 des fins ou effets contraires \u00e0 la loi, aux bonnes m\u0153urs et aux bonnes m\u0153urs g\u00e9n\u00e9ralement accept\u00e9es ou \u00e0 l\u2019ordre public.<\/span><\/li>\n<li>Reproduire ou copier, distribuer, permettre l\u2019acc\u00e8s du public par toute forme de communication publique, transformer ou modifier le contenu, \u00e0 moins que vous n\u2019ayez l\u2019autorisation du propri\u00e9taire des droits correspondants ou que cela soit l\u00e9galement autoris\u00e9.<\/li>\n<li>Utiliser les contenus et, en particulier, les informations de toute nature obtenues via la page ou les services pour envoyer de la publicit\u00e9, des communications \u00e0 des fins de vente directe ou avec tout autre type de \u00e0 des fins commerciales, des messages non sollicit\u00e9s adress\u00e9s \u00e0 une pluralit\u00e9 de personnes quelle que soit leur finalit\u00e9, ainsi qu\u2019\u00e0 s\u2019abstenir de commercialiser ou de divulguer ces informations de quelque mani\u00e8re que ce soit.<\/li>\n<\/ul>\n<p>&nbsp;<\/p>\n<p>Dans tous les cas, CULTIUS LES FONTANES, S.L n\u2019est pas responsable des dommages que l\u2019\u00e9quipement informatique de l\u2019utilisateur pourrait subir en raison de il a acc\u00e9d\u00e9 au portail ou l\u2019a utilis\u00e9 de mani\u00e8re inappropri\u00e9e ou n\u00e9gligente.<\/p>\n<\/div>\n<\/div>\n<div class=\"elementor-element elementor-element-b32dd54 elementor-widget elementor-widget-menu-anchor\" data-id=\"b32dd54\" data-element_type=\"widget\" data-widget_type=\"menu-anchor.default\">\n<div class=\"elementor-widget-container\">\n<div id=\"Propiedad\" class=\"elementor-menu-anchor\"><\/div>\n<\/div>\n<\/div>\n<div class=\"elementor-element elementor-element-df854bc elementor-widget elementor-widget-text-editor\" data-id=\"df854bc\" data-element_type=\"widget\" data-widget_type=\"text-editor.default\">\n<div class=\"elementor-widget-container\">\n<h6>4. Propri\u00e9t\u00e9 intellectuelle<\/h6>\n<p>Tous les contenus de la page Web, compris par ceux-ci comme purement illustratifs, les textes, images, graphiques, images, ic\u00f4nes, technologies, logiciels, liens et autres contenus audiovisuels ou sonores, ainsi que sa conception graphique et ses codes sources (ci-apr\u00e8s, \u201d CONTENU\u201d), sont la propri\u00e9t\u00e9 intellectuelle et industrielle de CULTIUS LES FONTANES, SL ou, le cas \u00e9ch\u00e9ant, de tiers. De m\u00eame, les marques, noms commerciaux ou signes distinctifs sont la propri\u00e9t\u00e9 exclusive de CULTIUS LES FONTANES, S.L. ou, le cas \u00e9ch\u00e9ant, de tiers.<\/p>\n<p>La reproduction, la transformation, la distribution, la communication publique, la disponibilit\u00e9 interactive, l\u2019extraction, la r\u00e9utilisation, la transmission ou l\u2019utilisation de quelque nature que ce soit, par quelque moyen ou proc\u00e9d\u00e9 que ce soit, de l\u2019un des CONTENUS, sauf dans les cas o\u00f9 cela est l\u00e9galement autoris\u00e9, est interdite ou est interdite. express\u00e9ment autoris\u00e9 par \u00e9crit par le titulaire des droits correspondants. CULTIUS LES FONTANES, S.L. se r\u00e9serve le recours \u00e0 des poursuites civiles et\/ou p\u00e9nales contre les personnes physiques ou morales et leurs repr\u00e9sentants qui violent l\u2019un des droits de propri\u00e9t\u00e9 industrielle et intellectuelle susmentionn\u00e9s.<\/p>\n<p>CULTIUS LES FONTANES S.L. s\u2019engage \u00e0 respecter les conditions mentionn\u00e9es ci-dessus pour garantir l\u2019utilisation correcte du contenu du site Web, en exer\u00e7ant toute action civile ou p\u00e9nale n\u00e9cessaire en cas de violation ou de violation de ces droits par l\u2019utilisateur<span>.<\/span><\/p>\n<\/div>\n<\/div>\n<div class=\"elementor-element elementor-element-ee025b6 elementor-widget elementor-widget-menu-anchor\" data-id=\"ee025b6\" data-element_type=\"widget\" data-widget_type=\"menu-anchor.default\">\n<div class=\"elementor-widget-container\">\n<div id=\"Enlaces\" class=\"elementor-menu-anchor\"><\/div>\n<\/div>\n<\/div>\n<div class=\"elementor-element elementor-element-e654119 elementor-widget elementor-widget-text-editor\" data-id=\"e654119\" data-element_type=\"widget\" data-widget_type=\"text-editor.default\">\n<div class=\"elementor-widget-container\">\n<h6>5. Liens vers ce portail<\/h6>\n<p>L\u2019utilisateur qui souhaite introduire un lien depuis sa propre page Web vers ce portail doit \u00eatre pr\u00e9alablement autoris\u00e9 et par \u00e9crit par CULTIUS LES FONTANES S.L.<\/p>\n<\/div>\n<\/div>\n<div class=\"elementor-element elementor-element-223b47e elementor-widget elementor-widget-menu-anchor\" data-id=\"223b47e\" data-element_type=\"widget\" data-widget_type=\"menu-anchor.default\">\n<div class=\"elementor-widget-container\">\n<div id=\"Responsabilidades\" class=\"elementor-menu-anchor\"><\/div>\n<\/div>\n<\/div>\n<div class=\"elementor-element elementor-element-d11b91e elementor-widget elementor-widget-text-editor\" data-id=\"d11b91e\" data-element_type=\"widget\" data-widget_type=\"text-editor.default\">\n<div class=\"elementor-widget-container\">\n<h6>6. Responsabilit\u00e9s et garanties<\/h6>\n<p>CULTIUS LES FONTANES, S.L. ne garantit pas la l\u00e9galit\u00e9, la fiabilit\u00e9, l\u2019utilit\u00e9, la v\u00e9racit\u00e9 ou l\u2019exactitude des services ou des informations fournis via ce site Web.<\/p>\n<p>Par cons\u00e9quent, CULTIUS LES FONTANES S.L ne garantit pas ou n\u2019est pas responsable de<span>:<\/span><\/p>\n<ul>\n<li>La continuit\u00e9 du contenu de ce site.<\/li>\n<li>L\u2019absence d\u2019erreurs dans ledit contenu ou la correction de tout d\u00e9faut qui pourrait survenir.<\/li>\n<li>L\u2019absence de virus et\/ou d\u2019autres composants nuisibles sur ce site Web ou sur le serveur qui l\u2019h\u00e9berge.<\/li>\n<li>L\u2019invuln\u00e9rabilit\u00e9 de ce site Web et\/ou l\u2019impr\u00e9gnabilit\u00e9 des mesures de s\u00e9curit\u00e9 qui y sont adopt\u00e9es.<\/li>\n<li>Le manque d\u2019utilit\u00e9 ou de performance du contenu de ce site Web.<\/li>\n<li>Les dommages ou pertes caus\u00e9s, \u00e0 lui-m\u00eame ou \u00e0 un tiers, par toute personne qui viole les conditions, r\u00e8gles et instructions que CULTIUS LES FONTANES S.L \u00e9tablit sur ce site Web ou par la violation des syst\u00e8mes de s\u00e9curit\u00e9 de CULTIUS LES FONTANES S.L.<\/li>\n<\/ul>\n<p>&nbsp;<\/p>\n<p>Cependant, CULTIUS LES FONTANES S.L. d\u00e9clare avoir adopt\u00e9 toutes les mesures n\u00e9cessaires, dans la mesure de ses possibilit\u00e9s et de l\u2019\u00e9tat de la technologie, pour garantir le fonctionnement de ce site Web et emp\u00eacher l\u2019existence et la transmission de virus et autres composants nuisibles aux utilisateurs. Dans tous les cas, CULTIUS LES FONTANES S.L n\u2019est pas responsable des dommages que l\u2019\u00e9quipement informatique de l\u2019utilisateur pourrait subir du fait que l\u2019utilisateur a acc\u00e9d\u00e9 au portail ou l\u2019a utilis\u00e9 de mani\u00e8re inappropri\u00e9e ou n\u00e9gligente.<\/p>\n<\/div>\n<\/div>\n<div class=\"elementor-element elementor-element-50551b4 elementor-widget elementor-widget-menu-anchor\" data-id=\"50551b4\" data-element_type=\"widget\" data-widget_type=\"menu-anchor.default\">\n<div class=\"elementor-widget-container\">\n<div id=\"Legislacionyjurisciccion\" class=\"elementor-menu-anchor\"><\/div>\n<\/div>\n<\/div>\n<div class=\"elementor-element elementor-element-6a7c383 elementor-widget elementor-widget-text-editor\" data-id=\"6a7c383\" data-element_type=\"widget\" data-widget_type=\"text-editor.default\">\n<div class=\"elementor-widget-container\">\n<h6>7. L\u00e9gislation applicable et juridiction<\/h6>\n<p>Les relations \u00e9tablies entre CULTIUS LES FONTANES S.L. et l\u2019utilisateur sera r\u00e9gi par les dispositions de la r\u00e9glementation en vigueur concernant la l\u00e9gislation applicable et la juridiction comp\u00e9tente. La loi espagnole sera la seule applicable. Pour les cas o\u00f9 la r\u00e9glementation pr\u00e9voit la possibilit\u00e9 pour les parties de se soumettre express\u00e9ment \u00e0 une juridiction, CULTIUS LES FONTANES, SL et l\u2019utilisateur, renon\u00e7ant express\u00e9ment \u00e0 toute autre juridiction qui pourrait leur correspondre, se soumettent aux cours et tribunaux de la ville de Tarragone.<\/p>\n<p>Copyright \u00a9 CULTIUS LES FONTANES S.L Tous droits r\u00e9serv\u00e9s.<span>\u00a0<\/span><\/p>\n<\/div>\n<\/div>\n<\/div>\n<\/div>\n<p>[\/et_pb_text][\/et_pb_column][\/et_pb_row][\/et_pb_section]<\/p>\n","protected":false},"excerpt":{"rendered":"<p>AVIS JURIDIQUE 1. D\u00e9tails de l\u2019entreprise www.cultiuslesfontanes.com (le site Web) est un produit de CULTIUS LES FONTANES, S.L. Conform\u00e9ment \u00e0 l\u2019article 10 de la loi 34\/2002 du 11 juillet sur les services de la soci\u00e9t\u00e9 de l\u2019information et du commerce \u00e9lectronique (LSSI), les donn\u00e9es d\u2019identification du responsable de ce site Web sont indiqu\u00e9es ci-dessous: Nom [&hellip;]<\/p>\n","protected":false},"author":1,"featured_media":0,"parent":0,"menu_order":0,"comment_status":"closed","ping_status":"closed","template":"","meta":{"_et_pb_use_builder":"on","_et_pb_old_content":"","_et_gb_content_width":"","footnotes":""},"class_list":["post-16428","page","type-page","status-publish","hentry"],"yoast_head":"<!-- This site is optimized with the Yoast SEO plugin v20.0 - https:\/\/yoast.com\/wordpress\/plugins\/seo\/ -->\n<title>Avis juridique - Cultius les Fontanes<\/title>\n<meta name=\"robots\" content=\"index, nofollow, max-snippet:-1, max-image-preview:large, max-video-preview:-1\" \/>\n<link rel=\"canonical\" href=\"https:\/\/cultiuslesfontanes.com\/fr\/frances-aviso-legal\/\" \/>\n<meta property=\"og:locale\" content=\"fr_FR\" \/>\n<meta property=\"og:type\" content=\"article\" \/>\n<meta property=\"og:title\" content=\"Avis juridique - Cultius les Fontanes\" \/>\n<meta property=\"og:description\" content=\"AVIS JURIDIQUE 1. D\u00e9tails de l\u2019entreprise www.cultiuslesfontanes.com (le site Web) est un produit de CULTIUS LES FONTANES, S.L. Conform\u00e9ment \u00e0 l\u2019article 10 de la loi 34\/2002 du 11 juillet sur les services de la soci\u00e9t\u00e9 de l\u2019information et du commerce \u00e9lectronique (LSSI), les donn\u00e9es d\u2019identification du responsable de ce site Web sont indiqu\u00e9es ci-dessous: Nom [&hellip;]\" \/>\n<meta property=\"og:url\" content=\"https:\/\/cultiuslesfontanes.com\/fr\/frances-aviso-legal\/\" \/>\n<meta property=\"og:site_name\" content=\"Cultius les Fontanes\" \/>\n<meta property=\"article:modified_time\" content=\"2022-01-22T09:42:51+00:00\" \/>\n<meta name=\"twitter:card\" content=\"summary_large_image\" \/>\n<meta name=\"twitter:label1\" content=\"Dur\u00e9e de lecture estim\u00e9e\" \/>\n\t<meta name=\"twitter:data1\" content=\"8 minutes\" \/>\n<script type=\"application\/ld+json\" class=\"yoast-schema-graph\">{\"@context\":\"https:\/\/schema.org\",\"@graph\":[{\"@type\":\"WebPage\",\"@id\":\"https:\/\/cultiuslesfontanes.com\/fr\/frances-aviso-legal\/\",\"url\":\"https:\/\/cultiuslesfontanes.com\/fr\/frances-aviso-legal\/\",\"name\":\"Avis juridique - Cultius les Fontanes\",\"isPartOf\":{\"@id\":\"https:\/\/cultiuslesfontanes.com\/#website\"},\"datePublished\":\"2022-01-21T00:55:25+00:00\",\"dateModified\":\"2022-01-22T09:42:51+00:00\",\"breadcrumb\":{\"@id\":\"https:\/\/cultiuslesfontanes.com\/fr\/frances-aviso-legal\/#breadcrumb\"},\"inLanguage\":\"fr-FR\",\"potentialAction\":[{\"@type\":\"ReadAction\",\"target\":[\"https:\/\/cultiuslesfontanes.com\/fr\/frances-aviso-legal\/\"]}]},{\"@type\":\"BreadcrumbList\",\"@id\":\"https:\/\/cultiuslesfontanes.com\/fr\/frances-aviso-legal\/#breadcrumb\",\"itemListElement\":[{\"@type\":\"ListItem\",\"position\":1,\"name\":\"Portada\",\"item\":\"https:\/\/cultiuslesfontanes.com\/fr\/\"},{\"@type\":\"ListItem\",\"position\":2,\"name\":\"Avis juridique\"}]},{\"@type\":\"WebSite\",\"@id\":\"https:\/\/cultiuslesfontanes.com\/#website\",\"url\":\"https:\/\/cultiuslesfontanes.com\/\",\"name\":\"Cultius les Fontanes\",\"description\":\"Cultius especialitzats\",\"publisher\":{\"@id\":\"https:\/\/cultiuslesfontanes.com\/#organization\"},\"potentialAction\":[{\"@type\":\"SearchAction\",\"target\":{\"@type\":\"EntryPoint\",\"urlTemplate\":\"https:\/\/cultiuslesfontanes.com\/?s={search_term_string}\"},\"query-input\":\"required name=search_term_string\"}],\"inLanguage\":\"fr-FR\"},{\"@type\":\"Organization\",\"@id\":\"https:\/\/cultiuslesfontanes.com\/#organization\",\"name\":\"CULTIUS LES FONTANES, S.L.\",\"url\":\"https:\/\/cultiuslesfontanes.com\/\",\"logo\":{\"@type\":\"ImageObject\",\"inLanguage\":\"fr-FR\",\"@id\":\"https:\/\/cultiuslesfontanes.com\/#\/schema\/logo\/image\/\",\"url\":\"https:\/\/cultiuslesfontanes.com\/wp-content\/uploads\/2022\/01\/BANNER-Les-Fontanes-text-logo-i-palmeres.jpg\",\"contentUrl\":\"https:\/\/cultiuslesfontanes.com\/wp-content\/uploads\/2022\/01\/BANNER-Les-Fontanes-text-logo-i-palmeres.jpg\",\"width\":1920,\"height\":447,\"caption\":\"CULTIUS LES FONTANES, S.L.\"},\"image\":{\"@id\":\"https:\/\/cultiuslesfontanes.com\/#\/schema\/logo\/image\/\"}}]}<\/script>\n<!-- \/ Yoast SEO plugin. -->","yoast_head_json":{"title":"Avis juridique - Cultius les Fontanes","robots":{"index":"index","follow":"nofollow","max-snippet":"max-snippet:-1","max-image-preview":"max-image-preview:large","max-video-preview":"max-video-preview:-1"},"canonical":"https:\/\/cultiuslesfontanes.com\/fr\/frances-aviso-legal\/","og_locale":"fr_FR","og_type":"article","og_title":"Avis juridique - Cultius les Fontanes","og_description":"AVIS JURIDIQUE 1. D\u00e9tails de l\u2019entreprise www.cultiuslesfontanes.com (le site Web) est un produit de CULTIUS LES FONTANES, S.L. Conform\u00e9ment \u00e0 l\u2019article 10 de la loi 34\/2002 du 11 juillet sur les services de la soci\u00e9t\u00e9 de l\u2019information et du commerce \u00e9lectronique (LSSI), les donn\u00e9es d\u2019identification du responsable de ce site Web sont indiqu\u00e9es ci-dessous: Nom [&hellip;]","og_url":"https:\/\/cultiuslesfontanes.com\/fr\/frances-aviso-legal\/","og_site_name":"Cultius les Fontanes","article_modified_time":"2022-01-22T09:42:51+00:00","twitter_card":"summary_large_image","twitter_misc":{"Dur\u00e9e de lecture estim\u00e9e":"8 minutes"},"schema":{"@context":"https:\/\/schema.org","@graph":[{"@type":"WebPage","@id":"https:\/\/cultiuslesfontanes.com\/fr\/frances-aviso-legal\/","url":"https:\/\/cultiuslesfontanes.com\/fr\/frances-aviso-legal\/","name":"Avis juridique - Cultius les Fontanes","isPartOf":{"@id":"https:\/\/cultiuslesfontanes.com\/#website"},"datePublished":"2022-01-21T00:55:25+00:00","dateModified":"2022-01-22T09:42:51+00:00","breadcrumb":{"@id":"https:\/\/cultiuslesfontanes.com\/fr\/frances-aviso-legal\/#breadcrumb"},"inLanguage":"fr-FR","potentialAction":[{"@type":"ReadAction","target":["https:\/\/cultiuslesfontanes.com\/fr\/frances-aviso-legal\/"]}]},{"@type":"BreadcrumbList","@id":"https:\/\/cultiuslesfontanes.com\/fr\/frances-aviso-legal\/#breadcrumb","itemListElement":[{"@type":"ListItem","position":1,"name":"Portada","item":"https:\/\/cultiuslesfontanes.com\/fr\/"},{"@type":"ListItem","position":2,"name":"Avis juridique"}]},{"@type":"WebSite","@id":"https:\/\/cultiuslesfontanes.com\/#website","url":"https:\/\/cultiuslesfontanes.com\/","name":"Cultius les Fontanes","description":"Cultius especialitzats","publisher":{"@id":"https:\/\/cultiuslesfontanes.com\/#organization"},"potentialAction":[{"@type":"SearchAction","target":{"@type":"EntryPoint","urlTemplate":"https:\/\/cultiuslesfontanes.com\/?s={search_term_string}"},"query-input":"required name=search_term_string"}],"inLanguage":"fr-FR"},{"@type":"Organization","@id":"https:\/\/cultiuslesfontanes.com\/#organization","name":"CULTIUS LES FONTANES, S.L.","url":"https:\/\/cultiuslesfontanes.com\/","logo":{"@type":"ImageObject","inLanguage":"fr-FR","@id":"https:\/\/cultiuslesfontanes.com\/#\/schema\/logo\/image\/","url":"https:\/\/cultiuslesfontanes.com\/wp-content\/uploads\/2022\/01\/BANNER-Les-Fontanes-text-logo-i-palmeres.jpg","contentUrl":"https:\/\/cultiuslesfontanes.com\/wp-content\/uploads\/2022\/01\/BANNER-Les-Fontanes-text-logo-i-palmeres.jpg","width":1920,"height":447,"caption":"CULTIUS LES FONTANES, S.L."},"image":{"@id":"https:\/\/cultiuslesfontanes.com\/#\/schema\/logo\/image\/"}}]}},"_links":{"self":[{"href":"https:\/\/cultiuslesfontanes.com\/fr\/wp-json\/wp\/v2\/pages\/16428","targetHints":{"allow":["GET"]}}],"collection":[{"href":"https:\/\/cultiuslesfontanes.com\/fr\/wp-json\/wp\/v2\/pages"}],"about":[{"href":"https:\/\/cultiuslesfontanes.com\/fr\/wp-json\/wp\/v2\/types\/page"}],"author":[{"embeddable":true,"href":"https:\/\/cultiuslesfontanes.com\/fr\/wp-json\/wp\/v2\/users\/1"}],"replies":[{"embeddable":true,"href":"https:\/\/cultiuslesfontanes.com\/fr\/wp-json\/wp\/v2\/comments?post=16428"}],"version-history":[{"count":10,"href":"https:\/\/cultiuslesfontanes.com\/fr\/wp-json\/wp\/v2\/pages\/16428\/revisions"}],"predecessor-version":[{"id":16454,"href":"https:\/\/cultiuslesfontanes.com\/fr\/wp-json\/wp\/v2\/pages\/16428\/revisions\/16454"}],"wp:attachment":[{"href":"https:\/\/cultiuslesfontanes.com\/fr\/wp-json\/wp\/v2\/media?parent=16428"}],"curies":[{"name":"wp","href":"https:\/\/api.w.org\/{rel}","templated":true}]}}