{"id":16441,"date":"2022-01-21T00:59:57","date_gmt":"2022-01-21T00:59:57","guid":{"rendered":"https:\/\/cultiuslesfontanes.com\/politica-de-privacidad\/"},"modified":"2022-01-24T11:26:14","modified_gmt":"2022-01-24T11:26:14","slug":"politica-de-privacidad","status":"publish","type":"page","link":"https:\/\/cultiuslesfontanes.com\/fr\/politica-de-privacidad\/","title":{"rendered":"Politique de confidentialit\u00e9"},"content":{"rendered":"\n[et_pb_section fb_built=\u00a0\u00bb1&Prime; _builder_version=\u00a0\u00bb4.14.2&Prime; _module_preset=\u00a0\u00bbdefault\u00a0\u00bb global_colors_info=\u00a0\u00bb{}\u00a0\u00bb][et_pb_row _builder_version=\u00a0\u00bb4.14.2&Prime; _module_preset=\u00a0\u00bbdefault\u00a0\u00bb global_colors_info=\u00a0\u00bb{}\u00a0\u00bb][et_pb_column type=\u00a0\u00bb4_4&Prime; _builder_version=\u00a0\u00bb4.14.2&Prime; _module_preset=\u00a0\u00bbdefault\u00a0\u00bb global_colors_info=\u00a0\u00bb{}\u00a0\u00bb][et_pb_text _builder_version=\u00a0\u00bb4.14.4&Prime; _module_preset=\u00a0\u00bbdefault\u00a0\u00bb hover_enabled=\u00a0\u00bb0&Prime; global_colors_info=\u00a0\u00bb{}\u00a0\u00bb sticky_enabled=\u00a0\u00bb0&Prime;]<div class=\"elementor-element elementor-element-b250903 elementor-widget elementor-widget-text-editor\" data-id=\"b250903\" data-element_type=\"widget\" data-widget_type=\"text-editor.default\">\n<div class=\"elementor-widget-container\">\n<h5>POLITIQUE DE CONFIDENTIALIT\u00c9<\/h5>\n<\/div>\n<\/div>\n<div class=\"elementor-element elementor-element-830a3f5 elementor-widget elementor-widget-text-editor\" data-id=\"830a3f5\" data-element_type=\"widget\" data-widget_type=\"text-editor.default\">\n<div class=\"elementor-widget-container\">\n<p>Pour CULTIUS LES FONTANES, S.L. Votre vie priv\u00e9e et la s\u00e9curit\u00e9 de vos donn\u00e9es sont d\u2019une grande importance. Par cons\u00e9quent, ci-dessous, nous exposons les donn\u00e9es personnelles que nous collectons aupr\u00e8s de nos utilisateurs et clients et \u00e0 quoi nous les utilisons.<\/p>\n<p>Il est important que vous lisiez attentivement notre politique de confidentialit\u00e9 avant de communiquer vos donn\u00e9es personnelles.<\/p>\n<p>La l\u00e9gislation applicable \u00e0 la politique de confidentialit\u00e9 refl\u00e9t\u00e9e sur ce site Web suit les directives \u00e9nonc\u00e9es par la loi organique 3\/2018 du 5 d\u00e9cembre sur la protection des donn\u00e9es personnelles et la garantie des droits num\u00e9riques (LOPDGDD). Il est \u00e9galement conforme aux dispositions du R\u00e8glement (UE) 2016\/679 du Parlement europ\u00e9en et du Conseil du 27 avril 2016 relatif \u00e0 la protection des personnes physiques (RGPD), ainsi qu\u2019\u00e0 la loi 34\/2002, du 11 avril juillet. , des Services de la Soci\u00e9t\u00e9 de l\u2019Information et du Commerce Electronique (LSSICE ou LSSI<span>).<\/span><\/p>\n<\/div>\n<\/div>\n<div class=\"elementor-element elementor-element-89639ac elementor-widget elementor-widget-menu-anchor\" data-id=\"89639ac\" data-element_type=\"widget\" data-widget_type=\"menu-anchor.default\">\n<div class=\"elementor-widget-container\">\n<div id=\"Quien\" class=\"elementor-menu-anchor\"><\/div>\n<\/div>\n<\/div>\n<div class=\"elementor-element elementor-element-393e3cb elementor-widget elementor-widget-text-editor\" data-id=\"393e3cb\" data-element_type=\"widget\" data-widget_type=\"text-editor.default\">\n<div class=\"elementor-widget-container\">\n<h6>1. Qui est responsable du traitement de vos donn\u00e9es?<\/h6>\n<p>CULTIUS LES FONTANES, S.L. (B43249846), avec si\u00e8ge social \u00e0 Cl. Nou n\u00ba 16 (43885, Salom\u00f3) et adresse e-mail : info@cultiuslesfontanes.com<\/p>\n<p>Repr\u00e9sentant l\u00e9gal : M. Josep Maria Roig Boronat, demeurant Cl. Nou n\u00b0 16 (43885, Salom\u00f3).<\/p>\n<p>Vous ne devez pas vous soucier de la s\u00e9curit\u00e9 de vos donn\u00e9es, car CULTIUS LES FONTANES, S.L. applique les mesures de s\u00e9curit\u00e9 techniques et organisationnelles requises par le r\u00e8glement (UE) 2016\/679 du Parlement europ\u00e9en et du Conseil<span>.<\/span><\/p>\n<\/div>\n<\/div>\n<div class=\"elementor-element elementor-element-b32dd54 elementor-widget elementor-widget-menu-anchor\" data-id=\"b32dd54\" data-element_type=\"widget\" data-widget_type=\"menu-anchor.default\">\n<div class=\"elementor-widget-container\">\n<div id=\"Cual\" class=\"elementor-menu-anchor\"><\/div>\n<\/div>\n<\/div>\n<div class=\"elementor-element elementor-element-65443ae elementor-widget elementor-widget-text-editor\" data-id=\"65443ae\" data-element_type=\"widget\" data-widget_type=\"text-editor.default\">\n<div class=\"elementor-widget-container\">\n<h6>2. Quelle est la finalit\u00e9 du traitement de vos donn\u00e9es personnelles?<\/h6>\n<p>Lorsque vous fournissez vos donn\u00e9es, CULTIUS LES FONTANES, S.L. collectera vos informations, les stockera, les g\u00e9rera et les utilisera selon les finalit\u00e9s suivantes:<\/p>\n<ul>\n<li>Gestion de la relation avec les clients et les fournisseurs:<span>\u00a0<\/span><i>prestation de services<\/i>.<\/li>\n<li>Gestion de la relation avec les salari\u00e9s de l\u2019entreprise:<span>\u00a0<\/span><i>ressources humaines<\/i>.<\/li>\n<li>Gestion de la relation avec les candidats \u00e0 l\u2019emploi dans l\u2019entreprise pour fournir des emplois.<\/li>\n<li>Gestion de la relation avec les internautes qui fournissent leurs donn\u00e9es via le formulaire de contact pour demander des informations:<span>\u00a0<\/span><i>service internaute<\/i>.<\/li>\n<li>Tenir les clients et utilisateurs inform\u00e9s de nos produits et offres:<span>\u00a0<\/span><i>communications commerciales<\/i>.<\/li>\n<\/ul>\n<\/div>\n<\/div>\n<div class=\"elementor-element elementor-element-037e6b2 elementor-widget elementor-widget-menu-anchor\" data-id=\"037e6b2\" data-element_type=\"widget\" data-widget_type=\"menu-anchor.default\">\n<div class=\"elementor-widget-container\">\n<div id=\"legitimacion\" class=\"elementor-menu-anchor\"><\/div>\n<\/div>\n<\/div>\n<div class=\"elementor-element elementor-element-df854bc elementor-widget elementor-widget-text-editor\" data-id=\"df854bc\" data-element_type=\"widget\" data-widget_type=\"text-editor.default\">\n<div class=\"elementor-widget-container\">\n<h6>3. L\u00e9gitimation du traitement<\/h6>\n<p>La base l\u00e9gale qui nous l\u00e9gitime pour traiter vos donn\u00e9es personnelles d\u00e9pendra de la finalit\u00e9 en question:<\/p>\n<ul>\n<li>Pour la gestion de la relation avec les clients ou les fournisseurs et les ressources humaines, la base l\u00e9gale est l\u2019existence d\u2019une relation contractuelle.<\/li>\n<li>La base l\u00e9gale du consentement de la partie int\u00e9ress\u00e9e sera applicable \u00e0:<\/li>\n<\/ul>\n<ol>\n<li>G\u00e9rer la relation avec les candidats \u00e0 l\u2019emploi dans l\u2019entreprise.<\/li>\n<li>Soyez attentif aux demandes des internautes.<\/li>\n<li>Communications commerciales, tant \u00e9lectroniques que non \u00e9lectroniques, adress\u00e9es aux int\u00e9ress\u00e9s qui n\u2019ont pas la qualit\u00e9 de client de CULTIUS LES FONTANES, S.L.<\/li>\n<\/ol>\n<p>&nbsp;<\/p>\n<p>Ce consentement peut \u00eatre retir\u00e9 \u00e0 tout moment. Vous pouvez retirer votre consentement en envoyant un email \u00e0 l\u2019adresse info@cultiuslesfontanes.com.<\/p>\n<ul>\n<li>Pour l\u2019envoi de communications commerciales non \u00e9lectroniques adress\u00e9es aux parties int\u00e9ress\u00e9es qui ont une relation pertinente et appropri\u00e9e avec CULTIUS LES FONTANES, S.L. En tant que client, la base juridique est l\u2019int\u00e9r\u00eat l\u00e9gitime fond\u00e9 sur le marketing direct envisag\u00e9 au consid\u00e9rant 47 du RGPD.<\/li>\n<li>Pour les communications commerciales par voie \u00e9lectronique ou les appels t\u00e9l\u00e9phoniques aux int\u00e9ress\u00e9s clients de CULTIUS LES FONTANES, S.L. les dispositions de l\u2019art. 21 LSSI, n\u2019ayant pas besoin de votre consentement expr\u00e8s pour envoyer des communications commerciales faisant r\u00e9f\u00e9rence \u00e0 des produits ou services similaires \u00e0 ceux qui ont fait l\u2019objet de la embauche initiale. Vous pouvez vous opposer \u00e0 cette finalit\u00e9 de traitement en adressant un email avec l\u2019objet \u201cfaibles communications commerciales\u201d \u00e0 l\u2019adresse info@cultiuslesfontanes.com<\/li>\n<\/ul>\n<\/div>\n<\/div>\n<div class=\"elementor-element elementor-element-ee025b6 elementor-widget elementor-widget-menu-anchor\" data-id=\"ee025b6\" data-element_type=\"widget\" data-widget_type=\"menu-anchor.default\">\n<div class=\"elementor-widget-container\">\n<div id=\"tipos\" class=\"elementor-menu-anchor\"><\/div>\n<\/div>\n<\/div>\n<div class=\"elementor-element elementor-element-e654119 elementor-widget elementor-widget-text-editor\" data-id=\"e654119\" data-element_type=\"widget\" data-widget_type=\"text-editor.default\">\n<div class=\"elementor-widget-container\">\n<h6>4. Quels types de donn\u00e9es traitons-nous?<\/h6>\n<p>Les donn\u00e9es que nous traitons sont simplement identifiantes et d\u00e9pendent de la relation\u00a0<span>que vous avez avec l\u2019entreprise, nous pouvons traiter votre num\u00e9ro de compte bancaire<\/span><span>.<\/span><\/p>\n<\/div>\n<\/div>\n<div class=\"elementor-element elementor-element-ceff26f elementor-widget elementor-widget-menu-anchor\" data-id=\"ceff26f\" data-element_type=\"widget\" data-widget_type=\"menu-anchor.default\">\n<div class=\"elementor-widget-container\">\n<div id=\"Durante\" class=\"elementor-menu-anchor\"><\/div>\n<\/div>\n<\/div>\n<div class=\"elementor-element elementor-element-d11b91e elementor-widget elementor-widget-text-editor\" data-id=\"d11b91e\" data-element_type=\"widget\" data-widget_type=\"text-editor.default\">\n<div class=\"elementor-widget-container\">\n<h6>5. Combien de temps conserverons-nous vos donn\u00e9es?<\/h6>\n<p>Nous conserverons vos donn\u00e9es personnelles pendant le temps n\u00e9cessaire \u00e0 la r\u00e9alisation des finalit\u00e9s susmentionn\u00e9es pour lesquelles elles ont \u00e9t\u00e9 collect\u00e9es et pour d\u00e9terminer les \u00e9ventuelles responsabilit\u00e9s qui pourraient en d\u00e9couler. Si vous exercez votre droit de r\u00e9tractation ou de suppression, nous conserverons vos donn\u00e9es personnelles bloqu\u00e9es pendant les d\u00e9lais de prescription l\u00e9gaux pr\u00e9vus par la r\u00e9glementation et, une fois ceux-ci \u00e9coul\u00e9s, nous d\u00e9truirons vos donn\u00e9es. La r\u00e9glementation applicable, la loi organique 7\/2012, du 27 d\u00e9cembre, \u00e9tablit que les entreprises doivent conserver les documents concernant leur activit\u00e9 pendant au moins 10 ans.<\/p>\n<\/div>\n<\/div>\n<div class=\"elementor-element elementor-element-71cec4f elementor-widget elementor-widget-menu-anchor\" data-id=\"71cec4f\" data-element_type=\"widget\" data-widget_type=\"menu-anchor.default\">\n<div class=\"elementor-widget-container\">\n<div id=\"aquien\" class=\"elementor-menu-anchor\"><\/div>\n<\/div>\n<\/div>\n<div class=\"elementor-element elementor-element-ed3ca71 elementor-widget elementor-widget-text-editor\" data-id=\"ed3ca71\" data-element_type=\"widget\" data-widget_type=\"text-editor.default\">\n<div class=\"elementor-widget-container\">\n<h6>6. A qui communiquerons-nous vos donn\u00e9es?<\/h6>\n<p>Si n\u00e9cessaire, les donn\u00e9es objet du traitement peuvent \u00eatre communiqu\u00e9es aux autorit\u00e9s comp\u00e9tentes, aux tribunaux et aux administrations publiques conform\u00e9ment \u00e0 une obligation l\u00e9gale.<\/p>\n<p>Si vous \u00eates client ou fournisseur CULTIUS LES FONTANES, S.L. Vos donn\u00e9es peuvent \u00eatre communiqu\u00e9es \u00e0 des entit\u00e9s d\u2019assurance pour le bon d\u00e9roulement de la fourniture de nos services.<\/p>\n<p>Si vous faites partie des effectifs de notre soci\u00e9t\u00e9, vos donn\u00e9es personnelles peuvent \u00eatre communiqu\u00e9es \u00e0 des banques ou institutions financi\u00e8res et compagnies d\u2019assurance. Vos donn\u00e9es personnelles peuvent \u00eatre trait\u00e9es par des soci\u00e9t\u00e9s qui seront consid\u00e9r\u00e9es comme des \u00ab gestionnaires de traitement \u00bb. Ces soci\u00e9t\u00e9s fournissent des services \u00e0 CULTIUS LES FONTANES, S.L. afin que le d\u00e9veloppement correct des finalit\u00e9s susmentionn\u00e9es puisse se produire. CULTIUS LES FONTANES, S.L. a sign\u00e9 avec lesdites soci\u00e9t\u00e9s les contrats respectifs pour le traitement requis par l\u2019art. 28.3 RGPD<span>.<\/span><\/p>\n<\/div>\n<\/div>\n<div class=\"elementor-element elementor-element-223b47e elementor-widget elementor-widget-menu-anchor\" data-id=\"223b47e\" data-element_type=\"widget\" data-widget_type=\"menu-anchor.default\">\n<div class=\"elementor-widget-container\">\n<div id=\"derechos\" class=\"elementor-menu-anchor\"><\/div>\n<\/div>\n<\/div>\n<div class=\"elementor-element elementor-element-6a7c383 elementor-widget elementor-widget-text-editor\" data-id=\"6a7c383\" data-element_type=\"widget\" data-widget_type=\"text-editor.default\">\n<div class=\"elementor-widget-container\">\n<h6>7. Quels droits pouvez-vous exercer lorsque vous nous fournissez vos donn\u00e9es?\u00a0<\/h6>\n<ul>\n<li>Droit d\u2019acc\u00e8s : consultez vos donn\u00e9es personnelles qui font l\u2019objet d\u2019un traitement par nos soins.<\/li>\n<li>Droit de rectification: modifier vos donn\u00e9es personnelles lorsqu\u2019elles sont exactes.<\/li>\n<li>Droit de suppression ou d\u2019annulation: demander la suppression de vos donn\u00e9es personnelles.<\/li>\n<li>Droit d\u2019opposition: s\u2019opposer aux donn\u00e9es personnelles qui vous concernent font l\u2019objet d\u2019un traitement fond\u00e9 sur les dispositions de l\u2019article 6.1, lettres e) ou f), y compris le profilage.<\/li>\n<li>Droit de limiter le traitement: obtenir la limitation du traitement de les donn\u00e9es lorsque les conditions stipul\u00e9es \u00e0 l\u2019art. 18 RGPD.<\/li>\n<li>Droit \u00e0 la portabilit: recevoir les donn\u00e9es personnelles qui vous concernent et qui vous avez fourni \u00e0 un responsable de traitement et les transmettez \u00e0 un autre responsable.<\/li>\n<\/ul>\n<p><span>\u00a0<\/span><\/p>\n<p><span>Si vous consid\u00e9rez que nous n\u2019avons pas trait\u00e9 vos donn\u00e9es personnelles conform\u00e9ment \u00e0 la r\u00e9glementation, vous pouvez contacter CULTIUS LES FONTANES, S.L. \u00e0 l\u2019adresse mail info@cultiuslesfontanes.com.<\/span><\/p>\n<p>Pour exercer les droits susmentionn\u00e9s, rendez-vous \u00e0 l\u2019adresse Cl. Nou 16 (43885, Salom\u00f3) et accompagnez votre demande d\u2019une copie de votre pi\u00e8ce d\u2019identit\u00e9 ou d\u2019un document prouvant votre identit\u00e9. Ou si vous pr\u00e9f\u00e9rez, demandez-nous par email info@cultiuslesfontanes.com les formulaires pour exercer ces droits. L\u2019exercice de ces droits est libre.<\/p>\n<p>De m\u00eame, \u00e0 tout moment, vous pouvez retirer le consentement donn\u00e9 sans affecter la l\u00e9galit\u00e9 du traitement, en envoyant votre demande \u00e0 l\u2019adresse e-mail info@cultiuslesfontanes.com ou \u00e0 l\u2019adresse Cl. Nou 16 (43885, Salom\u00f3).<\/p>\n<p>Vous \u00eates inform\u00e9 que vous pouvez adresser tout type de r\u00e9clamation concernant le traitement de vos donn\u00e9es personnelles \u00e0 l\u2019autorit\u00e9 de contr\u00f4le espagnole, l\u2019Agence espagnole de protection des donn\u00e9es via son site Web www.agpd.es.<\/p>\n<\/div>\n<\/div>\n<div class=\"elementor-element elementor-element-6feba1c elementor-widget elementor-widget-menu-anchor\" data-id=\"6feba1c\" data-element_type=\"widget\" data-widget_type=\"menu-anchor.default\">\n<div class=\"elementor-widget-container\">\n<div id=\"obligacion\" class=\"elementor-menu-anchor\"><\/div>\n<\/div>\n<\/div>\n<div class=\"elementor-element elementor-element-59d8698 elementor-widget elementor-widget-text-editor\" data-id=\"59d8698\" data-element_type=\"widget\" data-widget_type=\"text-editor.default\">\n<div class=\"elementor-widget-container\">\n<h6>8. Est-ce que je dois obligatoirement fournir vos donn\u00e9es personnelles?<\/h6>\n<p>Les donn\u00e9es fournies par l\u2019utilisateur via le formulaire sont obligatoires, sauf indication contraire dans le champ requis, pour remplir les finalit\u00e9s susmentionn\u00e9es. C\u2019est pourquoi si elles ne sont pas fournies ou sont inexactes, votre demande ne pourra pas \u00eatre r\u00e9pondue.<\/p>\n<\/div>\n<\/div>\n<div class=\"elementor-element elementor-element-50551b4 elementor-widget elementor-widget-menu-anchor\" data-id=\"50551b4\" data-element_type=\"widget\" data-widget_type=\"menu-anchor.default\">\n<div class=\"elementor-widget-container\">\n<div id=\"responsabilidad\" class=\"elementor-menu-anchor\"><\/div>\n<\/div>\n<\/div>\n<div class=\"elementor-element elementor-element-4f78219 elementor-widget elementor-widget-text-editor\" data-id=\"4f78219\" data-element_type=\"widget\" data-widget_type=\"text-editor.default\">\n<div class=\"elementor-widget-container\">\n<h6>9. Responsabilit\u00e9 concernant les donn\u00e9es fournies<\/h6>\n<p>Vous, en tant qu\u2019utilisateur<span>:<\/span><\/p>\n<ul>\n<li>Confirmez que les donn\u00e9es fournies \u00e0 CULTIUS LES FONTANES, S.L. elles sont vraies, exactes, compl\u00e8tes et \u00e0 jour.<\/li>\n<li>Vous serez responsable des informations fausses ou inexactes que vous fournissez via le formulaire de contact Web.<\/li>\n<\/ul>\n<\/div>\n<\/div>[\/et_pb_text][\/et_pb_column][\/et_pb_row][\/et_pb_section]\n","protected":false},"excerpt":{"rendered":"<p>POLITIQUE DE CONFIDENTIALIT\u00c9 Pour CULTIUS LES FONTANES, S.L. Votre vie priv\u00e9e et la s\u00e9curit\u00e9 de vos donn\u00e9es sont d\u2019une grande importance. Par cons\u00e9quent, ci-dessous, nous exposons les donn\u00e9es personnelles que nous collectons aupr\u00e8s de nos utilisateurs et clients et \u00e0 quoi nous les utilisons. Il est important que vous lisiez attentivement notre politique de confidentialit\u00e9 [&hellip;]<\/p>\n","protected":false},"author":1,"featured_media":0,"parent":0,"menu_order":0,"comment_status":"closed","ping_status":"closed","template":"","meta":{"_et_pb_use_builder":"on","_et_pb_old_content":"","_et_gb_content_width":"","footnotes":""},"class_list":["post-16441","page","type-page","status-publish","hentry"],"yoast_head":"<!-- This site is optimized with the Yoast SEO plugin v20.0 - https:\/\/yoast.com\/wordpress\/plugins\/seo\/ -->\n<title>Politique de confidentialit\u00e9 - Cultius les Fontanes<\/title>\n<meta name=\"robots\" content=\"index, nofollow, max-snippet:-1, max-image-preview:large, max-video-preview:-1\" \/>\n<link rel=\"canonical\" href=\"https:\/\/cultiuslesfontanes.com\/fr\/politica-de-privacidad\/\" \/>\n<meta property=\"og:locale\" content=\"fr_FR\" \/>\n<meta property=\"og:type\" content=\"article\" \/>\n<meta property=\"og:title\" content=\"Politique de confidentialit\u00e9 - Cultius les Fontanes\" \/>\n<meta property=\"og:description\" content=\"POLITIQUE DE CONFIDENTIALIT\u00c9 Pour CULTIUS LES FONTANES, S.L. Votre vie priv\u00e9e et la s\u00e9curit\u00e9 de vos donn\u00e9es sont d\u2019une grande importance. Par cons\u00e9quent, ci-dessous, nous exposons les donn\u00e9es personnelles que nous collectons aupr\u00e8s de nos utilisateurs et clients et \u00e0 quoi nous les utilisons. Il est important que vous lisiez attentivement notre politique de confidentialit\u00e9 [&hellip;]\" \/>\n<meta property=\"og:url\" content=\"https:\/\/cultiuslesfontanes.com\/fr\/politica-de-privacidad\/\" \/>\n<meta property=\"og:site_name\" content=\"Cultius les Fontanes\" \/>\n<meta property=\"article:modified_time\" content=\"2022-01-24T11:26:14+00:00\" \/>\n<meta name=\"twitter:card\" content=\"summary_large_image\" \/>\n<meta name=\"twitter:label1\" content=\"Dur\u00e9e de lecture estim\u00e9e\" \/>\n\t<meta name=\"twitter:data1\" content=\"6 minutes\" \/>\n<script type=\"application\/ld+json\" class=\"yoast-schema-graph\">{\"@context\":\"https:\/\/schema.org\",\"@graph\":[{\"@type\":\"WebPage\",\"@id\":\"https:\/\/cultiuslesfontanes.com\/fr\/politica-de-privacidad\/\",\"url\":\"https:\/\/cultiuslesfontanes.com\/fr\/politica-de-privacidad\/\",\"name\":\"Politique de confidentialit\u00e9 - Cultius les Fontanes\",\"isPartOf\":{\"@id\":\"https:\/\/cultiuslesfontanes.com\/#website\"},\"datePublished\":\"2022-01-21T00:59:57+00:00\",\"dateModified\":\"2022-01-24T11:26:14+00:00\",\"breadcrumb\":{\"@id\":\"https:\/\/cultiuslesfontanes.com\/fr\/politica-de-privacidad\/#breadcrumb\"},\"inLanguage\":\"fr-FR\",\"potentialAction\":[{\"@type\":\"ReadAction\",\"target\":[\"https:\/\/cultiuslesfontanes.com\/fr\/politica-de-privacidad\/\"]}]},{\"@type\":\"BreadcrumbList\",\"@id\":\"https:\/\/cultiuslesfontanes.com\/fr\/politica-de-privacidad\/#breadcrumb\",\"itemListElement\":[{\"@type\":\"ListItem\",\"position\":1,\"name\":\"Portada\",\"item\":\"https:\/\/cultiuslesfontanes.com\/fr\/\"},{\"@type\":\"ListItem\",\"position\":2,\"name\":\"Politique de confidentialit\u00e9\"}]},{\"@type\":\"WebSite\",\"@id\":\"https:\/\/cultiuslesfontanes.com\/#website\",\"url\":\"https:\/\/cultiuslesfontanes.com\/\",\"name\":\"Cultius les Fontanes\",\"description\":\"Cultius especialitzats\",\"publisher\":{\"@id\":\"https:\/\/cultiuslesfontanes.com\/#organization\"},\"potentialAction\":[{\"@type\":\"SearchAction\",\"target\":{\"@type\":\"EntryPoint\",\"urlTemplate\":\"https:\/\/cultiuslesfontanes.com\/?s={search_term_string}\"},\"query-input\":\"required name=search_term_string\"}],\"inLanguage\":\"fr-FR\"},{\"@type\":\"Organization\",\"@id\":\"https:\/\/cultiuslesfontanes.com\/#organization\",\"name\":\"CULTIUS LES FONTANES, S.L.\",\"url\":\"https:\/\/cultiuslesfontanes.com\/\",\"logo\":{\"@type\":\"ImageObject\",\"inLanguage\":\"fr-FR\",\"@id\":\"https:\/\/cultiuslesfontanes.com\/#\/schema\/logo\/image\/\",\"url\":\"https:\/\/cultiuslesfontanes.com\/wp-content\/uploads\/2022\/01\/BANNER-Les-Fontanes-text-logo-i-palmeres.jpg\",\"contentUrl\":\"https:\/\/cultiuslesfontanes.com\/wp-content\/uploads\/2022\/01\/BANNER-Les-Fontanes-text-logo-i-palmeres.jpg\",\"width\":1920,\"height\":447,\"caption\":\"CULTIUS LES FONTANES, S.L.\"},\"image\":{\"@id\":\"https:\/\/cultiuslesfontanes.com\/#\/schema\/logo\/image\/\"}}]}<\/script>\n<!-- \/ Yoast SEO plugin. -->","yoast_head_json":{"title":"Politique de confidentialit\u00e9 - Cultius les Fontanes","robots":{"index":"index","follow":"nofollow","max-snippet":"max-snippet:-1","max-image-preview":"max-image-preview:large","max-video-preview":"max-video-preview:-1"},"canonical":"https:\/\/cultiuslesfontanes.com\/fr\/politica-de-privacidad\/","og_locale":"fr_FR","og_type":"article","og_title":"Politique de confidentialit\u00e9 - Cultius les Fontanes","og_description":"POLITIQUE DE CONFIDENTIALIT\u00c9 Pour CULTIUS LES FONTANES, S.L. Votre vie priv\u00e9e et la s\u00e9curit\u00e9 de vos donn\u00e9es sont d\u2019une grande importance. Par cons\u00e9quent, ci-dessous, nous exposons les donn\u00e9es personnelles que nous collectons aupr\u00e8s de nos utilisateurs et clients et \u00e0 quoi nous les utilisons. Il est important que vous lisiez attentivement notre politique de confidentialit\u00e9 [&hellip;]","og_url":"https:\/\/cultiuslesfontanes.com\/fr\/politica-de-privacidad\/","og_site_name":"Cultius les Fontanes","article_modified_time":"2022-01-24T11:26:14+00:00","twitter_card":"summary_large_image","twitter_misc":{"Dur\u00e9e de lecture estim\u00e9e":"6 minutes"},"schema":{"@context":"https:\/\/schema.org","@graph":[{"@type":"WebPage","@id":"https:\/\/cultiuslesfontanes.com\/fr\/politica-de-privacidad\/","url":"https:\/\/cultiuslesfontanes.com\/fr\/politica-de-privacidad\/","name":"Politique de confidentialit\u00e9 - Cultius les Fontanes","isPartOf":{"@id":"https:\/\/cultiuslesfontanes.com\/#website"},"datePublished":"2022-01-21T00:59:57+00:00","dateModified":"2022-01-24T11:26:14+00:00","breadcrumb":{"@id":"https:\/\/cultiuslesfontanes.com\/fr\/politica-de-privacidad\/#breadcrumb"},"inLanguage":"fr-FR","potentialAction":[{"@type":"ReadAction","target":["https:\/\/cultiuslesfontanes.com\/fr\/politica-de-privacidad\/"]}]},{"@type":"BreadcrumbList","@id":"https:\/\/cultiuslesfontanes.com\/fr\/politica-de-privacidad\/#breadcrumb","itemListElement":[{"@type":"ListItem","position":1,"name":"Portada","item":"https:\/\/cultiuslesfontanes.com\/fr\/"},{"@type":"ListItem","position":2,"name":"Politique de confidentialit\u00e9"}]},{"@type":"WebSite","@id":"https:\/\/cultiuslesfontanes.com\/#website","url":"https:\/\/cultiuslesfontanes.com\/","name":"Cultius les Fontanes","description":"Cultius especialitzats","publisher":{"@id":"https:\/\/cultiuslesfontanes.com\/#organization"},"potentialAction":[{"@type":"SearchAction","target":{"@type":"EntryPoint","urlTemplate":"https:\/\/cultiuslesfontanes.com\/?s={search_term_string}"},"query-input":"required name=search_term_string"}],"inLanguage":"fr-FR"},{"@type":"Organization","@id":"https:\/\/cultiuslesfontanes.com\/#organization","name":"CULTIUS LES FONTANES, S.L.","url":"https:\/\/cultiuslesfontanes.com\/","logo":{"@type":"ImageObject","inLanguage":"fr-FR","@id":"https:\/\/cultiuslesfontanes.com\/#\/schema\/logo\/image\/","url":"https:\/\/cultiuslesfontanes.com\/wp-content\/uploads\/2022\/01\/BANNER-Les-Fontanes-text-logo-i-palmeres.jpg","contentUrl":"https:\/\/cultiuslesfontanes.com\/wp-content\/uploads\/2022\/01\/BANNER-Les-Fontanes-text-logo-i-palmeres.jpg","width":1920,"height":447,"caption":"CULTIUS LES FONTANES, S.L."},"image":{"@id":"https:\/\/cultiuslesfontanes.com\/#\/schema\/logo\/image\/"}}]}},"_links":{"self":[{"href":"https:\/\/cultiuslesfontanes.com\/fr\/wp-json\/wp\/v2\/pages\/16441","targetHints":{"allow":["GET"]}}],"collection":[{"href":"https:\/\/cultiuslesfontanes.com\/fr\/wp-json\/wp\/v2\/pages"}],"about":[{"href":"https:\/\/cultiuslesfontanes.com\/fr\/wp-json\/wp\/v2\/types\/page"}],"author":[{"embeddable":true,"href":"https:\/\/cultiuslesfontanes.com\/fr\/wp-json\/wp\/v2\/users\/1"}],"replies":[{"embeddable":true,"href":"https:\/\/cultiuslesfontanes.com\/fr\/wp-json\/wp\/v2\/comments?post=16441"}],"version-history":[{"count":12,"href":"https:\/\/cultiuslesfontanes.com\/fr\/wp-json\/wp\/v2\/pages\/16441\/revisions"}],"predecessor-version":[{"id":16524,"href":"https:\/\/cultiuslesfontanes.com\/fr\/wp-json\/wp\/v2\/pages\/16441\/revisions\/16524"}],"wp:attachment":[{"href":"https:\/\/cultiuslesfontanes.com\/fr\/wp-json\/wp\/v2\/media?parent=16441"}],"curies":[{"name":"wp","href":"https:\/\/api.w.org\/{rel}","templated":true}]}}